{"id":5280,"date":"2021-10-29T15:47:33","date_gmt":"2021-10-29T15:47:33","guid":{"rendered":"https:\/\/boutique-brochet.ch\/?post_type=product&#038;p=5280"},"modified":"2025-04-06T11:04:01","modified_gmt":"2025-04-06T11:04:01","slug":"mareile-bluse-langarm-flanell-kariert-rosa-auf-cremeweiss","status":"publish","type":"product","link":"https:\/\/boutique-brochet.ch\/?product=mareile-bluse-langarm-flanell-kariert-rosa-auf-cremeweiss","title":{"rendered":"Mareile Bluse Langarm, Flanell kariert, rosa auf cremeweiss"},"content":{"rendered":"<p>B.M.-Company Mareile Bluse Langarm, aus Baumwoll Flanell kariert, rosa auf cremeweiss. Abn\u00e4her vorne und hinten, Perlmutt Kn\u00f6pfe. 100 % Baumwolle, bei 30 Grad waschbar, mit Feinwaschmittel. Achtung: tailliert geschnitten, allenfalls eine Gr\u00f6sse gr\u00f6sser nehmen als \u00fcblich.<\/p>\n<p>&nbsp;<\/p>\n","protected":false},"excerpt":{"rendered":"<p>B.M.-Company Mareile Bluse Langarm, aus Baumwoll Flanell kariert, rosa auf cremeweiss. Abn\u00e4her vorne und hinten, Perlmutt Kn\u00f6pfe. 100 % Baumwolle, bei 30 Grad waschbar, mit Feinwaschmittel. Achtung: tailliert geschnitten, allenfalls eine Gr\u00f6sse gr\u00f6sser nehmen als \u00fcblich.<\/p>\n","protected":false},"featured_media":5310,"comment_status":"open","ping_status":"closed","template":"","meta":[],"class_list":{"0":"post-5280","1":"product","2":"type-product","3":"status-publish","4":"has-post-thumbnail","6":"product_cat-ostern-in-pink","7":"product_cat-aktuelle-angebote","8":"product_cat-bm-company-blusen","9":"product_cat-baumwolle","10":"product_tag-baumwoll-flanell","11":"product_tag-bluse","12":"product_tag-karo-muster","13":"product_tag-langarm","14":"product_tag-leicht-tailliert","16":"first","17":"instock","18":"sale","19":"purchasable","20":"product-type-variable"},"yoast_head":"<!-- This site is optimized with the Yoast SEO plugin v15.5 - https:\/\/yoast.com\/wordpress\/plugins\/seo\/ -->\n<title>Mareile Bluse Langarm, Flanell kariert, rosa auf cremeweiss - Boutique Brochet Walk-in Wardrobe<\/title>\n<meta name=\"robots\" content=\"index, follow, max-snippet:-1, max-image-preview:large, max-video-preview:-1\" \/>\n<link rel=\"canonical\" href=\"https:\/\/boutique-brochet.ch\/?product=mareile-bluse-langarm-flanell-kariert-rosa-auf-cremeweiss\" \/>\n<meta property=\"og:locale\" content=\"de_DE\" \/>\n<meta property=\"og:type\" content=\"article\" \/>\n<meta property=\"og:title\" content=\"Mareile Bluse Langarm, Flanell kariert, rosa auf cremeweiss - Boutique Brochet Walk-in Wardrobe\" \/>\n<meta property=\"og:description\" content=\"B.M.-Company Mareile Bluse Langarm, aus Baumwoll Flanell kariert, rosa auf cremeweiss. Abn\u00e4her vorne und hinten, Perlmutt Kn\u00f6pfe. 100 % Baumwolle, bei 30 Grad waschbar, mit Feinwaschmittel. Achtung: tailliert geschnitten, allenfalls eine Gr\u00f6sse gr\u00f6sser nehmen als \u00fcblich.\" \/>\n<meta property=\"og:url\" content=\"https:\/\/boutique-brochet.ch\/?product=mareile-bluse-langarm-flanell-kariert-rosa-auf-cremeweiss\" \/>\n<meta property=\"og:site_name\" content=\"Boutique Brochet Walk-in Wardrobe\" \/>\n<meta property=\"article:modified_time\" content=\"2025-04-06T11:04:01+00:00\" \/>\n<meta property=\"og:image\" content=\"https:\/\/boutique-brochet.ch\/wp-content\/uploads\/2021\/10\/BM-HeWi21-Mareile-Flanell-rosa-cremeweiss-rotated.jpeg\" \/>\n\t<meta property=\"og:image:width\" content=\"1280\" \/>\n\t<meta property=\"og:image:height\" content=\"1280\" \/>\n<meta name=\"twitter:card\" content=\"summary_large_image\" \/>\n<meta name=\"twitter:label1\" content=\"Gesch\u00e4tzte Lesezeit\">\n\t<meta name=\"twitter:data1\" content=\"0\u00a0Minuten\">\n<script type=\"application\/ld+json\" class=\"yoast-schema-graph\">{\"@context\":\"https:\/\/schema.org\",\"@graph\":[{\"@type\":\"WebSite\",\"@id\":\"https:\/\/boutique-brochet.ch\/#website\",\"url\":\"https:\/\/boutique-brochet.ch\/\",\"name\":\"Boutique Brochet Walk-in Wardrobe\",\"description\":\"vom Hechtplatz zum Klusplatz - info(at)boutique-brochet.ch\",\"potentialAction\":[{\"@type\":\"SearchAction\",\"target\":\"https:\/\/boutique-brochet.ch\/?s={search_term_string}\",\"query-input\":\"required name=search_term_string\"}],\"inLanguage\":\"de\"},{\"@type\":\"ImageObject\",\"@id\":\"https:\/\/boutique-brochet.ch\/?product=mareile-bluse-langarm-flanell-kariert-rosa-auf-cremeweiss#primaryimage\",\"inLanguage\":\"de\",\"url\":\"https:\/\/boutique-brochet.ch\/wp-content\/uploads\/2021\/10\/BM-HeWi21-Mareile-Flanell-rosa-cremeweiss-rotated.jpeg\",\"width\":1280,\"height\":1280},{\"@type\":\"WebPage\",\"@id\":\"https:\/\/boutique-brochet.ch\/?product=mareile-bluse-langarm-flanell-kariert-rosa-auf-cremeweiss#webpage\",\"url\":\"https:\/\/boutique-brochet.ch\/?product=mareile-bluse-langarm-flanell-kariert-rosa-auf-cremeweiss\",\"name\":\"Mareile Bluse Langarm, Flanell kariert, rosa auf cremeweiss - Boutique Brochet Walk-in Wardrobe\",\"isPartOf\":{\"@id\":\"https:\/\/boutique-brochet.ch\/#website\"},\"primaryImageOfPage\":{\"@id\":\"https:\/\/boutique-brochet.ch\/?product=mareile-bluse-langarm-flanell-kariert-rosa-auf-cremeweiss#primaryimage\"},\"datePublished\":\"2021-10-29T15:47:33+00:00\",\"dateModified\":\"2025-04-06T11:04:01+00:00\",\"inLanguage\":\"de\",\"potentialAction\":[{\"@type\":\"ReadAction\",\"target\":[\"https:\/\/boutique-brochet.ch\/?product=mareile-bluse-langarm-flanell-kariert-rosa-auf-cremeweiss\"]}]}]}<\/script>\n<!-- \/ Yoast SEO plugin. -->","_links":{"self":[{"href":"https:\/\/boutique-brochet.ch\/index.php?rest_route=\/wp\/v2\/product\/5280"}],"collection":[{"href":"https:\/\/boutique-brochet.ch\/index.php?rest_route=\/wp\/v2\/product"}],"about":[{"href":"https:\/\/boutique-brochet.ch\/index.php?rest_route=\/wp\/v2\/types\/product"}],"replies":[{"embeddable":true,"href":"https:\/\/boutique-brochet.ch\/index.php?rest_route=%2Fwp%2Fv2%2Fcomments&post=5280"}],"wp:featuredmedia":[{"embeddable":true,"href":"https:\/\/boutique-brochet.ch\/index.php?rest_route=\/wp\/v2\/media\/5310"}],"wp:attachment":[{"href":"https:\/\/boutique-brochet.ch\/index.php?rest_route=%2Fwp%2Fv2%2Fmedia&parent=5280"}],"curies":[{"name":"wp","href":"https:\/\/api.w.org\/{rel}","templated":true}]}}